{"id":803,"date":"2020-06-10T18:35:12","date_gmt":"2020-06-10T16:35:12","guid":{"rendered":"https:\/\/www.migration-macht-gesellschaft.de\/anlaufstellen\/"},"modified":"2024-03-15T16:55:20","modified_gmt":"2024-03-15T15:55:20","slug":"contact-points","status":"publish","type":"page","link":"https:\/\/www.migration-macht-gesellschaft.de\/en\/contact-points\/","title":{"rendered":"Contact points"},"content":{"rendered":"<div id='full_slider_1'  class='avia-fullwidth-slider main_color avia-shadow   avia-builder-el-0  el_before_av_textblock  avia-builder-el-first   container_wrap fullsize' style=' '  ><div   data-size='no scaling'  data-lightbox_size='large'  data-animation='slide'  data-conditional_play=''  data-ids='69'  data-video_counter='0'  data-autoplay='false'  data-bg_slider='false'  data-slide_height=''  data-handle='av_slideshow_full'  data-interval='5'  data-class=' '  data-el_id=''  data-css_id=''  data-scroll_down=''  data-control_layout='av-control-default'  data-custom_markup=''  data-perma_caption='aviaTBperma_caption'  data-autoplay_stopper=''  data-image_attachment=''  data-min_height='160px'  data-src=''  data-position='top left'  data-repeat='no-repeat'  data-attach='scroll'  data-stretch=''  class='avia-slideshow avia-slideshow-1  av-control-default av-default-height-applied avia-slideshow-no scaling av_slideshow_full   avia-slide-slider '  itemprop=\"image\" itemscope=\"itemscope\" itemtype=\"https:\/\/schema.org\/ImageObject\" ><ul class='avia-slideshow-inner ' style='padding-bottom: 18.571428571429%;' ><li  class=' av-single-slide slide-1 ' ><div data-rel='slideshow-1' class='avia-slide-wrap '   ><img src='https:\/\/www.migration-macht-gesellschaft.de\/wp-content\/uploads\/2020\/06\/testheader01.jpg' width='1400' height='260' title='testheader01' alt=''  itemprop=\"thumbnailUrl\"  style='min-height:160px; min-width:862px; ' \/><\/div><\/li><\/ul><div class = \"caption_fullwidth av-slideshow-caption caption_bottom caption_bottom_framed caption_framed\"><div class = \"container caption_container\"><div class = \"slideshow_caption\"><div class = \"slideshow_inner_caption\"><div class = \"slideshow_align_caption\"><span  class='avia-caption-title  '  itemprop=\"name\" >advisory. understanding. interactive<\/span><\/div><\/div><\/div><\/div><\/div><\/div><\/div><div id='after_full_slider_1'  class='main_color av_default_container_wrap container_wrap fullsize' style=' '  ><div class='container' ><div class='template-page content  av-content-full alpha units'><div class='post-entry post-entry-type-page post-entry-803'><div class='entry-content-wrapper clearfix'>\n<section class=\"av_textblock_section \"  itemscope=\"itemscope\" itemtype=\"https:\/\/schema.org\/CreativeWork\" ><div class='avia_textblock  '   itemprop=\"text\" ><h1>Further Contacts<\/h1>\n<\/div><\/section>\n<div  class=\"togglecontainer  av-minimal-toggle toggle_close_all  avia-builder-el-2  el_after_av_textblock  avia-builder-el-last \" >\n<section class=\"av_toggle_section\"  itemscope=\"itemscope\" itemtype=\"https:\/\/schema.org\/CreativeWork\"  >    <div role=\"tablist\" class=\"single_toggle\" data-tags=\"{All} \"  >        <p data-fake-id=\"#toggle-id-1\" class=\"toggler \"  itemprop=\"headline\"    role=\"tab\" tabindex=\"0\" aria-controls=\"toggle-id-1-container\">Native-language advice centres in Munich<span class=\"toggle_icon\" >        <span class=\"vert_icon\"><\/span><span class=\"hor_icon\"><\/span><\/span><\/p>        <div id=\"toggle-id-1-container\" class=\"toggle_wrap \"  >            <div class=\"toggle_content invers-color \"  itemprop=\"text\"   ><p><a href=\"https:\/\/www.brk-muenchen.de\/angebote\/migration-und-integration\/migrationsdienst\/\" target=\"_blank\" rel=\"noopener noreferrer\"><b>Migrationsdienst des BRK<\/b><\/a><\/p>\n<p><a href=\"https:\/\/www.im-muenchen.de\/migration-fluechtlinge\/migranten-mit-daueraufenthalt\/migrationsberatung-fuer-erwachsene-und-familien.html\" target=\"_blank\" rel=\"noopener noreferrer\"><b>Migrationsdienst der Diakonie<\/b><\/a><\/p>\n<p><a href=\"https:\/\/www.einewelthaus.de\/gruppen-im-haus\/interkultureller-migrationsdienst-der-initiativgruppe\/\" target=\"_blank\" rel=\"noopener noreferrer\"><b>Interkultureller Migrationsdienst Initiativgruppe M\u00fcnchen<\/b><\/a><\/p>\n<p><a href=\"https:\/\/www.invia-muenchen.de\/migration\/beratung\/migrationsberatung\" target=\"_blank\" rel=\"noopener noreferrer\"><b>InVia Migrationsberatung<\/b><\/a><\/p>\n<p><a href=\"https:\/\/www.awo-muenchen.de\/migration\/migrations-und-integrationsberatung\/migrationsberatung-fuer-erwachsene-zuwanderer\/migrationsberatung\" target=\"_blank\" rel=\"noopener noreferrer\"><b>Migrationsberatung der AWO<\/b><\/a><\/p>\n<p><a href=\"http:\/\/www.evangelisches-migrationszentrum.de\/\" target=\"_blank\" rel=\"noopener noreferrer\"><span style=\"color: #0000ff;\"><span style=\"color: #000000;\"><b>Evangelisches Migrationszentrum<\/b><\/span><\/span><\/a><\/p>\n<p><a href=\"https:\/\/www.caritas-nah-am-naechsten.de\/psychologischer-dienst-fuer-auslaender\" target=\"_blank\" rel=\"noopener noreferrer\"><b>Psychologischer Dienst der Caritas<\/b><\/a><\/p>\n<p><a href=\"https:\/\/www.bayzent.de\/\" target=\"_blank\" rel=\"noopener noreferrer\"><b>Bayerisches Zentrum f\u00fcr Transkulturelle Medizin e.V.<\/b><\/a><\/p>\n<p><a href=\"https:\/\/bellevuedimonaco.de\/veranstaltung\/migrationsberatung-2020-05-12\/2021-05-11\/\" target=\"_blank\" rel=\"noopener noreferrer\"><b>Migrationsberatung im Bellevue<\/b><\/a><\/p>\n<p><a href=\"https:\/\/www.madhouse-munich.com\/\" target=\"_blank\" rel=\"noopener noreferrer\"><b>Beratung f\u00fcr Sinti und Roma<\/b><\/a><\/p>\n<p><a href=\"https:\/\/www.refugio-muenchen.de\/ueber-uns\/\" target=\"_blank\" rel=\"noopener noreferrer\"><b>Refugio Beratungs-und Behandlungszentrum f\u00fcr Fl\u00fcchtlinge und Folteropfer<\/b><\/a><\/p>\n            <\/div>        <\/div>    <\/div><\/section>\n<section class=\"av_toggle_section\"  itemscope=\"itemscope\" itemtype=\"https:\/\/schema.org\/CreativeWork\"  >    <div role=\"tablist\" class=\"single_toggle\" data-tags=\"{All} \"  >        <p data-fake-id=\"#toggle-id-2\" class=\"toggler \"  itemprop=\"headline\"    role=\"tab\" tabindex=\"0\" aria-controls=\"toggle-id-2-container\">Work and education<span class=\"toggle_icon\" >        <span class=\"vert_icon\"><\/span><span class=\"hor_icon\"><\/span><\/span><\/p>        <div id=\"toggle-id-2-container\" class=\"toggle_wrap \"  >            <div class=\"toggle_content invers-color \"  itemprop=\"text\"   ><p><a href=\"https:\/\/www.malteser-bistum-muenchen.de\/hauptmenue\/fuer-fluechtlinge.html\" target=\"_blank\" rel=\"noopener noreferrer\"><b>Hilfe bei der Ausbildungs- und Arbeitssuche<\/b><\/a><\/p>\n<p><a href=\"https:\/\/www.arrivalaid.org\/jobscareers\" target=\"_blank\" rel=\"noopener noreferrer\"><b>Unterst\u00fctzung bei der Bewerbung<\/b><\/a><\/p>\n<p><a href=\"https:\/\/www.social-bee.de\/\" target=\"_blank\" rel=\"noopener noreferrer\"><b>Gemeinn\u00fctzige Zeitarbeit<\/b><\/a><\/p>\n            <\/div>        <\/div>    <\/div><\/section>\n<section class=\"av_toggle_section\"  itemscope=\"itemscope\" itemtype=\"https:\/\/schema.org\/CreativeWork\"  >    <div role=\"tablist\" class=\"single_toggle\" data-tags=\"{All} \"  >        <p data-fake-id=\"#toggle-id-3\" class=\"toggler \"  itemprop=\"headline\"    role=\"tab\" tabindex=\"0\" aria-controls=\"toggle-id-3-container\">Special contact points for refugees<span class=\"toggle_icon\" >        <span class=\"vert_icon\"><\/span><span class=\"hor_icon\"><\/span><\/span><\/p>        <div id=\"toggle-id-3-container\" class=\"toggle_wrap \"  >            <div class=\"toggle_content invers-color \"  itemprop=\"text\"   ><p><a href=\"http:\/\/www.rechtshilfe-muenchen.de\/beratung\/\" target=\"_blank\" rel=\"noopener noreferrer\"><b>Rechtshilfe M\u00fcnchen e.V.<\/b><\/a><\/p>\n<p><a href=\"http:\/\/muenchner-fluechtlingsrat.de\/\" target=\"_blank\" rel=\"noopener noreferrer\"><b>M\u00fcnchner Fl\u00fcchtlingsrat e.V.<\/b><\/a><\/p>\n<p><a href=\"http:\/\/muenchner-fluechtlingsrat.de\/der-verein\/projekte\/infobus\/\" target=\"_blank\" rel=\"noopener noreferrer\"><b>Infobus f\u00fcr Fl\u00fcchtlinge<\/b><\/a><\/p>\n<p><a href=\"https:\/\/www.cafe104.de\/\" target=\"_blank\" rel=\"noopener noreferrer\"><b>Caf\u00e9 104 Beratung f\u00fcr \u201eillegalisierte\u201c Menschen<\/b><\/a><\/p>\n<p><a href=\"https:\/\/www.refugio-muenchen.de\/ueber-uns\/\" target=\"_blank\" rel=\"noopener noreferrer\"><b>Refugio M\u00fcnchen<\/b><\/a><\/p>\n<p><a href=\"https:\/\/bellevuedimonaco.de\/\" target=\"_blank\" rel=\"noopener noreferrer\"><b>Asylberatung im Bellevue di Monaco<\/b><\/a><\/p>\n<p><a href=\"http:\/\/rlcm.de\/index.php\/ich-brauche-hilfe\/sprechstunde\/\" target=\"_blank\" rel=\"noopener noreferrer\"><b>refugee law clinic<\/b><\/a><\/p>\n<p><a href=\"https:\/\/www.arrivalaid.org\/anhrungsbegleitung\" target=\"_blank\" rel=\"noopener noreferrer\"><span style=\"color: #0000ff;\"><span style=\"color: #000000;\"><b>Arrival Aid<\/b><\/span><\/span><\/a><\/p>\n<p><a href=\"https:\/\/amnesty-muenchen.de\/2020\/03\/beratung-fuer-politische-fluechtlinge\/\" target=\"_blank\" rel=\"noopener noreferrer\"><b>Amnesty International<\/b><\/a><\/p>\n<p><a href=\"https:\/\/www.fluechtlingsrat-bayern.de\/beratungsangebot.html\" target=\"_blank\" rel=\"noopener noreferrer\"><b>Bayerischer Fl\u00fcchtlingsrat<\/b><\/a><\/p>\n            <\/div>        <\/div>    <\/div><\/section>\n<section class=\"av_toggle_section\"  itemscope=\"itemscope\" itemtype=\"https:\/\/schema.org\/CreativeWork\"  >    <div role=\"tablist\" class=\"single_toggle\" data-tags=\"{All} \"  >        <p data-fake-id=\"#toggle-id-4\" class=\"toggler \"  itemprop=\"headline\"    role=\"tab\" tabindex=\"0\" aria-controls=\"toggle-id-4-container\">Advice centres for women* <span class=\"toggle_icon\" >        <span class=\"vert_icon\"><\/span><span class=\"hor_icon\"><\/span><\/span><\/p>        <div id=\"toggle-id-4-container\" class=\"toggle_wrap \"  >            <div class=\"toggle_content invers-color \"  itemprop=\"text\"   ><p><a href=\"https:\/\/www.invia-muenchen.de\/migration\/in-via-kofiza.html\" target=\"_blank\" rel=\"noopener noreferrer\"><b>Beratungs- und Informationszentrum f\u00fcr Migrantinnen<\/b><\/a><\/p>\n<p><a href=\"https:\/\/www.donnamobile.org\/beratungen\" target=\"_blank\" rel=\"noopener noreferrer\"><b>Gesundheitsf\u00f6rderung, Pr\u00e4vention und der Qualifizierung von Migrantinnen<\/b><\/a><\/p>\n<p><a href=\"https:\/\/imma.de\/einrichtungen\/w%C3%BCstenrose\/\" target=\"_blank\" rel=\"noopener noreferrer\"><b> W\u00fcstenrose Fachstelle Zwangsheirat<\/b><\/a><\/p>\n<p><a href=\"https:\/\/www.scheherazade-hilft.de\/\" target=\"_blank\" rel=\"noopener noreferrer\"><b>Scheherazade Beratung und Unterst\u00fctzung bei Zwangsheirat<\/b><\/a><\/p>\n<p><a href=\"https:\/\/www.solwodi.de\/seite\/353251\/m%C3%BCnchen.html\" target=\"_blank\" rel=\"noopener noreferrer\"><b>SOLWODI M\u00fcnchen &#8211; Beratungsstelle f\u00fcr Frauen in Not<\/b><\/a><\/p>\n<p><a href=\"https:\/\/frauennotruf-muenchen.de\/\" target=\"_blank\" rel=\"noopener noreferrer\"><b>Frauennotruf<\/b><\/a><\/p>\n<p><a href=\"https:\/\/angebote-frauen.initiativgruppe.de\/\" target=\"_blank\" rel=\"noopener noreferrer\"><b>Initiativgruppe M\u00fcnchen Angebote f\u00fcr Frauen<\/b><\/a><\/p>\n<p><a href=\"https:\/\/www.giesinger-maedchen-treff.de\/\" target=\"_blank\" rel=\"noopener noreferrer\"><b>Kinder- und Jugendtreff f\u00fcr M\u00e4dchen<\/b><\/a><\/p>\n<p><a href=\"https:\/\/www.muenchen.de\/themen\/maedchen-frauen.html\" target=\"_blank\" rel=\"noopener noreferrer\"><b>Beratungsstellen Seite der Stadt M\u00fcnchen<\/b><\/a><\/p>\n<p><a href=\"https:\/\/juno-munich.org\/\" target=\"_blank\" rel=\"noopener noreferrer\"><b>JUNO<\/b><\/a><\/p>\n            <\/div>        <\/div>    <\/div><\/section>\n<section class=\"av_toggle_section\"  itemscope=\"itemscope\" itemtype=\"https:\/\/schema.org\/CreativeWork\"  >    <div role=\"tablist\" class=\"single_toggle\" data-tags=\"{All} \"  >        <p data-fake-id=\"#toggle-id-5\" class=\"toggler \"  itemprop=\"headline\"    role=\"tab\" tabindex=\"0\" aria-controls=\"toggle-id-5-container\">Advice centres dealing with discrimination <span class=\"toggle_icon\" >        <span class=\"vert_icon\"><\/span><span class=\"hor_icon\"><\/span><\/span><\/p>        <div id=\"toggle-id-5-container\" class=\"toggle_wrap \"  >            <div class=\"toggle_content invers-color \"  itemprop=\"text\"   ><p><a href=\"https:\/\/www.before-muenchen.de\/\" target=\"_blank\" rel=\"noopener noreferrer\"><b>Beratung und Unterst\u00fctzung bei Diskriminierung, Rassismus und Gewalt<\/b><\/a><\/p>\n<p><a href=\"https:\/\/www.feierwerk.de\/einrichtungen-projekte\/089-gegen-rechts\/firm-fachinformationsstelle-rechtsextremismus-muenchen\/ueber-uns\/\" target=\"_blank\" rel=\"noopener noreferrer\"><b>Fachinformationsstelle Rechtsextremismus M\u00fcnchen<\/b><\/a><\/p>\n            <\/div>        <\/div>    <\/div><\/section>\n<section class=\"av_toggle_section\"  itemscope=\"itemscope\" itemtype=\"https:\/\/schema.org\/CreativeWork\"  >    <div role=\"tablist\" class=\"single_toggle\" data-tags=\"{All} \"  >        <p data-fake-id=\"#toggle-id-6\" class=\"toggler \"  itemprop=\"headline\"    role=\"tab\" tabindex=\"0\" aria-controls=\"toggle-id-6-container\">LGBTQ*<span class=\"toggle_icon\" >        <span class=\"vert_icon\"><\/span><span class=\"hor_icon\"><\/span><\/span><\/p>        <div id=\"toggle-id-6-container\" class=\"toggle_wrap \"  >            <div class=\"toggle_content invers-color \"  itemprop=\"text\"   ><p><a href=\"https:\/\/www.subonline.org\/\" target=\"_blank\" rel=\"noopener noreferrer\"><b>Schwules Kommunikations- und Kulturzentrum M\u00fcnchen e.V.<\/b><\/a><\/p>\n<p><a href=\"https:\/\/www.rainbowrefugeesmunich.net\/\" target=\"_blank\" rel=\"noopener noreferrer\"><b>Rainbow Refugees<\/b><\/a><\/p>\n<p><a href=\"https:\/\/www.letra.de\/\" target=\"_blank\" rel=\"noopener noreferrer\"><b>Beratungsstelle f\u00fcr Lesben<\/b><\/a><\/p>\n<p><a href=\"https:\/\/diversity-muenchen.de\/\" target=\"_blank\" rel=\"noopener noreferrer\"><b>LesBiSchwules und Trans* Jugendorganisation devirsity M\u00fcnchen<\/b><\/a><\/p>\n<p><a href=\"https:\/\/jugendarbeit.initiativgruppe.de\/jugendarbeit\/queer*yourope\/informationen.html\" target=\"_blank\" rel=\"noopener noreferrer\"><b>Queer*Yourope<\/b><\/a><\/p>\n            <\/div>        <\/div>    <\/div><\/section>\n<section class=\"av_toggle_section\"  itemscope=\"itemscope\" itemtype=\"https:\/\/schema.org\/CreativeWork\"  >    <div role=\"tablist\" class=\"single_toggle\" data-tags=\"{All} \"  >        <p data-fake-id=\"#toggle-id-7\" class=\"toggler \"  itemprop=\"headline\"    role=\"tab\" tabindex=\"0\" aria-controls=\"toggle-id-7-container\">Language courses \/ Integration courses<span class=\"toggle_icon\" >        <span class=\"vert_icon\"><\/span><span class=\"hor_icon\"><\/span><\/span><\/p>        <div id=\"toggle-id-7-container\" class=\"toggle_wrap \"  >            <div class=\"toggle_content invers-color \"  itemprop=\"text\"   ><p><a href=\"https:\/\/deutschkurse.initiativgruppe.de\/\" target=\"_blank\" rel=\"noopener noreferrer\"><b>Kurse der Initiativgruppe M\u00fcnchen, teils mit Kinderbertreuung<\/b><\/a><\/p>\n<p><a href=\"http:\/\/deutsch-fuer-fluechtlinge.de\/\" target=\"_blank\" rel=\"noopener noreferrer\"><b>Kurse bei Deutsch f\u00fcr Fl\u00fcchtlinge e.V.<\/b><\/a><\/p>\n<p><a href=\"https:\/\/klartext-zentrum.de\/index.php\/de\/\" target=\"_blank\" rel=\"noopener noreferrer\"><b>Kurse f\u00fcr Migrant*innen bei Klartext<\/b><\/a><\/p>\n<p><a href=\"https:\/\/www.mvhs.de\/kurse\/deutsch-integration\/deutschkurse-460-CAT-KAT19234\" target=\"_blank\" rel=\"noopener noreferrer\"><b>Kurse bei der Volkshochschule M\u00fcnchen<\/b><\/a><\/p>\n<p><a href=\"https:\/\/www.deutschinstitut.de\/unsere-deutschkurse\/\" target=\"_blank\" rel=\"noopener noreferrer\"><b>Kurse bei Integra<\/b><\/a><\/p>\n<p><a href=\"https:\/\/daa-muenchen.de\/bildungsangebote\/deutsch-lernen\/integrationskurse\/\" target=\"_blank\" rel=\"noopener noreferrer\"><b>Kurse bei DAA<\/b><\/a><\/p>\n<p><a href=\"https:\/\/www.hvmzm.de\/deutsch-lernen\" target=\"_blank\" rel=\"noopener noreferrer\"><b>Kurse von Hilfe von Mensch zu Mensch<\/b><\/a><\/p>\n<p><a href=\"http:\/\/www.muenchen.de\/dienstleistungsfinder\/muenchen\/1080801\/\" target=\"_blank\" rel=\"noopener noreferrer\"><b>Integrationskurse der Stadt M\u00fcnchen<\/b><\/a><\/p>\n<p><a href=\"https:\/\/stadt.muenchen.de\/service\/info\/abteilung-migration-integration-teilhabe\/10320352\/\" target=\"_blank\" rel=\"noopener noreferrer\"><b>IBZ Sprache und Beruf<\/b><\/a><\/p>\n            <\/div>        <\/div>    <\/div><\/section>\n<section class=\"av_toggle_section\"  itemscope=\"itemscope\" itemtype=\"https:\/\/schema.org\/CreativeWork\"  >    <div role=\"tablist\" class=\"single_toggle\" data-tags=\"{All} \"  >        <p data-fake-id=\"#toggle-id-8\" class=\"toggler \"  itemprop=\"headline\"    role=\"tab\" tabindex=\"0\" aria-controls=\"toggle-id-8-container\">Leisure<span class=\"toggle_icon\" >        <span class=\"vert_icon\"><\/span><span class=\"hor_icon\"><\/span><\/span><\/p>        <div id=\"toggle-id-8-container\" class=\"toggle_wrap \"  >            <div class=\"toggle_content invers-color \"  itemprop=\"text\"   ><p><a href=\"http:\/\/muenchner-fluechtlingsrat.de\/fuer-fluechtlinge\/freizeit\/#tab-id-1\" target=\"_blank\" rel=\"noopener noreferrer\"><b>Kostenlose Freizeitangebote in M\u00fcnchen sehr gut auf der Seite des M\u00fcnchner Fl\u00fcchtlingsrats zusammengefasst-Musik, Kunst, Kino, Sport Kochen und und und<\/b><\/a><\/p>\n<p><a href=\"https:\/\/www.in-muenchen.de\/\" target=\"_blank\" rel=\"noopener noreferrer\"><b>Das M\u00fcnchner Stadtmagazin<\/b><\/a><\/p>\n<p><a href=\"https:\/\/kitz-magazin.de\/\" target=\"_blank\" rel=\"noopener noreferrer\"><b>Freizeittipps f\u00fcr Familien Kitz<\/b><\/a><\/p>\n<p><a href=\"https:\/\/www.kidsgo.de\/\" target=\"_blank\" rel=\"noopener noreferrer\"><b>Freizeittipps f\u00fcr Familien Kidsgo<\/b><\/a><\/p>\n<p><a href=\"https:\/\/www.muenchen.de\/freizeit\/sport\/freizeitsportprogramm.html\" target=\"_blank\" rel=\"noopener noreferrer\"><b>Freizeitsport<\/b><\/a><\/p>\n            <\/div>        <\/div>    <\/div><\/section>\n<\/div>\n","protected":false},"excerpt":{"rendered":"","protected":false},"author":1,"featured_media":0,"parent":0,"menu_order":28,"comment_status":"closed","ping_status":"closed","template":"","meta":{"footnotes":""},"class_list":["post-803","page","type-page","status-publish","hentry"],"_links":{"self":[{"href":"https:\/\/www.migration-macht-gesellschaft.de\/en\/wp-json\/wp\/v2\/pages\/803","targetHints":{"allow":["GET"]}}],"collection":[{"href":"https:\/\/www.migration-macht-gesellschaft.de\/en\/wp-json\/wp\/v2\/pages"}],"about":[{"href":"https:\/\/www.migration-macht-gesellschaft.de\/en\/wp-json\/wp\/v2\/types\/page"}],"author":[{"embeddable":true,"href":"https:\/\/www.migration-macht-gesellschaft.de\/en\/wp-json\/wp\/v2\/users\/1"}],"replies":[{"embeddable":true,"href":"https:\/\/www.migration-macht-gesellschaft.de\/en\/wp-json\/wp\/v2\/comments?post=803"}],"version-history":[{"count":6,"href":"https:\/\/www.migration-macht-gesellschaft.de\/en\/wp-json\/wp\/v2\/pages\/803\/revisions"}],"predecessor-version":[{"id":7553,"href":"https:\/\/www.migration-macht-gesellschaft.de\/en\/wp-json\/wp\/v2\/pages\/803\/revisions\/7553"}],"wp:attachment":[{"href":"https:\/\/www.migration-macht-gesellschaft.de\/en\/wp-json\/wp\/v2\/media?parent=803"}],"curies":[{"name":"wp","href":"https:\/\/api.w.org\/{rel}","templated":true}]}}