{"id":660,"date":"2020-06-10T18:30:42","date_gmt":"2020-06-10T16:30:42","guid":{"rendered":"https:\/\/www.migration-macht-gesellschaft.de\/home\/"},"modified":"2026-04-30T16:00:03","modified_gmt":"2026-04-30T14:00:03","slug":"home","status":"publish","type":"page","link":"https:\/\/www.migration-macht-gesellschaft.de\/fr\/","title":{"rendered":"Accueil"},"content":{"rendered":"<div id='full_slider_1'  class='avia-fullwidth-slider main_color avia-shadow   avia-builder-el-0  el_before_av_textblock  avia-builder-el-first   container_wrap fullsize' style=' '  ><div   data-size='2048x2048'  data-lightbox_size='large'  data-animation='slide'  data-conditional_play=''  data-ids='12117,11754,11923,12062,11960'  data-video_counter='0'  data-autoplay='true'  data-bg_slider='false'  data-slide_height=''  data-handle='av_slideshow_full'  data-interval='5'  data-class=' '  data-el_id=''  data-css_id=''  data-scroll_down=''  data-control_layout='av-control-default'  data-custom_markup=''  data-perma_caption=''  data-autoplay_stopper=''  data-image_attachment=''  data-min_height='160px'  data-src=''  data-position='top left'  data-repeat='no-repeat'  data-attach='scroll'  data-stretch=''  data-default-height='100'  class='avia-slideshow avia-slideshow-1  av-control-default av-default-height-applied avia-slideshow-2048x2048 av_slideshow_full   avia-slide-slider '  itemprop=\"image\" itemscope=\"itemscope\" itemtype=\"https:\/\/schema.org\/ImageObject\" ><ul class='avia-slideshow-inner ' style='padding-bottom: 22.5%;' ><li  class=' slide-1 ' ><a href='https:\/\/www.migration-macht-gesellschaft.de\/offene-terrasse-bei-migration-macht-gesellschaft\/' data-rel='slideshow-1' class='avia-slide-wrap '   ><img src='https:\/\/www.migration-macht-gesellschaft.de\/wp-content\/uploads\/2026\/04\/Soli-Cena-Plakat-.af-2000-x-450-px.png' width='2000' height='450' title='Soli Cena Plakat .af (2000 x 450 px)' alt=''  itemprop=\"thumbnailUrl\"  style='min-height:160px; min-width:712px; ' \/><\/a><\/li><li  class=' slide-2 ' ><a href='https:\/\/www.migration-macht-gesellschaft.de\/%f0%9f%93%a3-informationsveranstaltung-fuer-gefluechtete-2\/' data-rel='slideshow-1' class='avia-slide-wrap '   ><img src='https:\/\/www.migration-macht-gesellschaft.de\/wp-content\/uploads\/2026\/01\/Slide_Infoveranstaltung_f_Gefluechtete_2026_DE.jpg' width='2000' height='450' title='Slide_Infoveranstaltung_f_Gefl\u00fcchtete_2026_DE' alt=''  itemprop=\"thumbnailUrl\"  style='min-height:160px; min-width:712px; ' \/><\/a><\/li><li  class=' slide-3 ' ><a href='https:\/\/www.migration-macht-gesellschaft.de\/sprechstunde-zur-einbuergerung-und-niederlassungserlaubnis\/' data-rel='slideshow-1' class='avia-slide-wrap '   ><img src='https:\/\/www.migration-macht-gesellschaft.de\/wp-content\/uploads\/2026\/02\/Slide_Einbuergerung_2025_DE.jpg' width='2000' height='450' title='Slide_Einb\u00fcrgerung_2025_DE' alt=''  itemprop=\"thumbnailUrl\"  style='min-height:160px; min-width:712px; ' \/><\/a><\/li><li  class=' slide-4 ' ><a href='https:\/\/www.migration-macht-gesellschaft.de\/echoes-from-borderland-film-gespraech-aus-der-filmreihe-aus-der-fremde-in-die-fremde\/' data-rel='slideshow-1' class='avia-slide-wrap '   ><img src='https:\/\/www.migration-macht-gesellschaft.de\/wp-content\/uploads\/2026\/04\/Slide_Echoes_from_Borderland.jpg' width='2000' height='450' title='Slide_Echoes_from_Borderland' alt=''  itemprop=\"thumbnailUrl\"  style='min-height:160px; min-width:712px; ' \/><\/a><\/li><li  class=' slide-5 ' ><a href='https:\/\/www.migration-macht-gesellschaft.de\/fr\/the-old-oak-film-gespraech-aus-der-filmreihe-aus-der-fremde-in-die-fremde-2\/' data-rel='slideshow-1' class='avia-slide-wrap '   ><img src='https:\/\/www.migration-macht-gesellschaft.de\/wp-content\/uploads\/2026\/03\/Slide_The_Old_Oak_2026.jpg' width='2000' height='450' title='Slide_The_Old_Oak_2026' alt=''  itemprop=\"thumbnailUrl\"  style='min-height:160px; min-width:712px; ' \/><\/a><\/li><\/ul><div class='avia-slideshow-arrows avia-slideshow-controls'><a href='#prev' class='prev-slide' aria-hidden='true' data-av_icon='\ue87c' data-av_iconfont='entypo-fontello'>Pr\u00e9c\u00e9dent<\/a><a href='#next' class='next-slide' aria-hidden='true' data-av_icon='\ue87d' data-av_iconfont='entypo-fontello'>Suivant<\/a><\/div><div class='avia-slideshow-dots avia-slideshow-controls'><a href='#1' class='goto-slide active' >1<\/a><a href='#2' class='goto-slide ' >2<\/a><a href='#3' class='goto-slide ' >3<\/a><a href='#4' class='goto-slide ' >4<\/a><a href='#5' class='goto-slide ' >5<\/a><\/div><\/div><\/div><div id='after_full_slider_1'  class='main_color av_default_container_wrap container_wrap fullsize' style=' '  ><div class='container' ><div class='template-page content  av-content-full alpha units'><div class='post-entry post-entry-type-page post-entry-660'><div class='entry-content-wrapper clearfix'>\n<section class=\"av_textblock_section \"  itemscope=\"itemscope\" itemtype=\"https:\/\/schema.org\/CreativeWork\" ><div class='avia_textblock  '   itemprop=\"text\" ><h1><strong>MIGRATION MACHT GESELLSCHAFT e.V.<\/strong><\/h1>\n<p><strong>\u00a0<\/strong><\/p>\n<p>Migration macht Gesellschaft (La migration fait notre soci\u00e9t\u00e9) est une association d\u2019int\u00e9r\u00eat public qui existe depuis 1988 et qui, jusqu\u2019en 2020, s\u2019appelait \u00ab Interkulturelles Forum \u00bb (Forum interculturel).<\/p>\n<p>En tant qu\u2019association qui est partie prenante et ACTIVE de la SOCI\u00c9T\u00c9 marqu\u00e9e par la MIGRATION, nous nous engageons pour une soci\u00e9t\u00e9 citadine munichoise inclusive dans laquelle tous les habitants et habitantes ont les m\u00eames droits dans la vie sociale.<\/p>\n<\/div><\/section>\n<div   class='hr hr-default   avia-builder-el-2  el_after_av_textblock  el_before_av_button '><span class='hr-inner ' ><span class='hr-inner-style'><\/span><\/span><\/div>\n<div  class='avia-button-wrap avia-button-center  avia-builder-el-3  el_after_av_hr  el_before_av_blog ' ><a href='https:\/\/www.migration-macht-gesellschaft.de\/fr\/manifestations-culturelles\/'  class='avia-button   avia-icon_select-no avia-color-black avia-size-large avia-position-center '   ><span class='avia_iconbox_title' >aux \u00e9v\u00e9nements<\/span><\/a><\/div>\n<div   data-autoplay=''  data-interval='5'  data-animation='fade'  data-show_slide_delay='90'  class='avia-content-slider avia-content-grid-active avia-content-slider1 avia-content-slider-odd  avia-builder-el-4  el_after_av_button  el_before_av_hr  '  itemscope=\"itemscope\" itemtype=\"https:\/\/schema.org\/Blog\" ><div class='avia-content-slider-inner'><div class='slide-entry-wrap'><article class='slide-entry flex_column  post-entry post-entry-12101 slide-entry-overview slide-loop-1 slide-parity-odd  av_one_third first real-thumbnail post-format-standard'  itemscope=\"itemscope\" itemtype=\"https:\/\/schema.org\/CreativeWork\" ><a href='https:\/\/www.migration-macht-gesellschaft.de\/fr\/offene-terrasse-bei-migration-macht-gesellschaft\/' data-rel='slide-1' class='slide-image' title='OFFENE TERRASSE bei Migration macht Gesellschaft'><img loading=\"lazy\" decoding=\"async\" width=\"495\" height=\"400\" src=\"https:\/\/www.migration-macht-gesellschaft.de\/wp-content\/uploads\/2026\/04\/Soli-Cena-Plakat-insta-495x400.png\" class=\"attachment-portfolio size-portfolio wp-post-image\" alt=\"\" srcset=\"https:\/\/www.migration-macht-gesellschaft.de\/wp-content\/uploads\/2026\/04\/Soli-Cena-Plakat-insta-495x400.png 495w, https:\/\/www.migration-macht-gesellschaft.de\/wp-content\/uploads\/2026\/04\/Soli-Cena-Plakat-insta-845x684.png 845w\" sizes=\"auto, (max-width: 495px) 100vw, 495px\" \/><\/a><div class='slide-content'><header class=\"entry-content-header\"><h3 class='slide-entry-title entry-title '  itemprop=\"headline\" ><a href='https:\/\/www.migration-macht-gesellschaft.de\/fr\/offene-terrasse-bei-migration-macht-gesellschaft\/' title='OFFENE TERRASSE bei Migration macht Gesellschaft'>OFFENE TERRASSE bei Migration macht Gesellschaft<\/a><\/h3><span class=\"av-vertical-delimiter\"><\/span><\/header><div class='slide-meta'><time class='slide-meta-time updated'  itemprop=\"datePublished\" datetime=\"2026-04-30T14:55:19+02:00\" >30. avril 2026<\/time><\/div><div class='slide-entry-excerpt entry-content'  itemprop=\"text\" ><div class=\"read-more-link\"><a href=\"https:\/\/www.migration-macht-gesellschaft.de\/fr\/offene-terrasse-bei-migration-macht-gesellschaft\/\" class=\"more-link\">Lire la suite<span class=\"more-link-arrow\"><\/span><\/a><\/div><\/div><\/div><footer class=\"entry-footer\"><\/footer><span class='hidden'>\n\t\t\t\t<span class='av-structured-data'  itemprop=\"image\" itemscope=\"itemscope\" itemtype=\"https:\/\/schema.org\/ImageObject\" >\n\t\t\t\t\t\t<span itemprop='url'>https:\/\/www.migration-macht-gesellschaft.de\/wp-content\/uploads\/2026\/04\/Soli-Cena-Plakat-insta.png<\/span>\n\t\t\t\t\t\t<span itemprop='height'>1080<\/span>\n\t\t\t\t\t\t<span itemprop='width'>1080<\/span>\n\t\t\t\t<\/span>\n\t\t\t\t<span class='av-structured-data'  itemprop=\"publisher\" itemtype=\"https:\/\/schema.org\/Organization\" itemscope=\"itemscope\" >\n\t\t\t\t\t\t<span itemprop='name'>Levent<\/span>\n\t\t\t\t\t\t<span itemprop='logo' itemscope itemtype='https:\/\/schema.org\/ImageObject'>\n\t\t\t\t\t\t\t<span itemprop='url'>http:\/\/www.migration-macht-gesellschaft.de\/wp-content\/uploads\/2021\/02\/mmg_logo_01.png<\/span>\n\t\t\t\t\t\t <\/span>\n\t\t\t\t<\/span><span class='av-structured-data'  itemprop=\"author\" itemscope=\"itemscope\" itemtype=\"https:\/\/schema.org\/Person\" ><span itemprop='name'>Levent<\/span><\/span><span class='av-structured-data'  itemprop=\"datePublished\" datetime=\"2020-06-10T18:30:42+02:00\" >2026-04-30 14:55:19<\/span><span class='av-structured-data'  itemprop=\"dateModified\" itemtype=\"https:\/\/schema.org\/dateModified\" >2026-04-30 15:54:58<\/span><span class='av-structured-data'  itemprop=\"mainEntityOfPage\" itemtype=\"https:\/\/schema.org\/mainEntityOfPage\" ><span itemprop='name'>OFFENE TERRASSE bei Migration macht Gesellschaft<\/span><\/span><\/span><\/article><article class='slide-entry flex_column  post-entry post-entry-12056 slide-entry-overview slide-loop-2 slide-parity-even  av_one_third  real-thumbnail post-format-standard'  itemscope=\"itemscope\" itemtype=\"https:\/\/schema.org\/CreativeWork\" ><a href='https:\/\/www.migration-macht-gesellschaft.de\/fr\/echoes-from-borderland-film-gespraech-aus-der-filmreihe-aus-der-fremde-in-die-fremde\/' data-rel='slide-1' class='slide-image' title='\u201eECHOES FROM BORDERLAND\u201c \u2013 Film + Gespr\u00e4ch aus der Filmreihe \u201cAus der Fremde in die Fremde?!\u201d'><img loading=\"lazy\" decoding=\"async\" width=\"495\" height=\"400\" src=\"https:\/\/www.migration-macht-gesellschaft.de\/wp-content\/uploads\/2026\/04\/EfB_Still_01_Nahid-495x400.png\" class=\"attachment-portfolio size-portfolio wp-post-image\" alt=\"\" srcset=\"https:\/\/www.migration-macht-gesellschaft.de\/wp-content\/uploads\/2026\/04\/EfB_Still_01_Nahid-495x400.png 495w, https:\/\/www.migration-macht-gesellschaft.de\/wp-content\/uploads\/2026\/04\/EfB_Still_01_Nahid-845x684.png 845w\" sizes=\"auto, (max-width: 495px) 100vw, 495px\" \/><\/a><div class='slide-content'><header class=\"entry-content-header\"><h3 class='slide-entry-title entry-title '  itemprop=\"headline\" ><a href='https:\/\/www.migration-macht-gesellschaft.de\/fr\/echoes-from-borderland-film-gespraech-aus-der-filmreihe-aus-der-fremde-in-die-fremde\/' title='\u201eECHOES FROM BORDERLAND\u201c \u2013 Film + Gespr\u00e4ch aus der Filmreihe \u201cAus der Fremde in die Fremde?!\u201d'>\u201eECHOES FROM BORDERLAND\u201c \u2013 Film + Gespr\u00e4ch aus der Filmreihe \u201cAus der Fremde in die Fremde?!\u201d<\/a><\/h3><span class=\"av-vertical-delimiter\"><\/span><\/header><div class='slide-meta'><time class='slide-meta-time updated'  itemprop=\"datePublished\" datetime=\"2026-04-14T12:03:26+02:00\" >14. avril 2026<\/time><\/div><div class='slide-entry-excerpt entry-content'  itemprop=\"text\" ><div class=\"read-more-link\"><a href=\"https:\/\/www.migration-macht-gesellschaft.de\/fr\/echoes-from-borderland-film-gespraech-aus-der-filmreihe-aus-der-fremde-in-die-fremde\/\" class=\"more-link\">Lire la suite<span class=\"more-link-arrow\"><\/span><\/a><\/div><\/div><\/div><footer class=\"entry-footer\"><\/footer><span class='hidden'>\n\t\t\t\t<span class='av-structured-data'  itemprop=\"image\" itemscope=\"itemscope\" itemtype=\"https:\/\/schema.org\/ImageObject\" >\n\t\t\t\t\t\t<span itemprop='url'>https:\/\/www.migration-macht-gesellschaft.de\/wp-content\/uploads\/2026\/04\/EfB_Still_01_Nahid.png<\/span>\n\t\t\t\t\t\t<span itemprop='height'>1152<\/span>\n\t\t\t\t\t\t<span itemprop='width'>2048<\/span>\n\t\t\t\t<\/span>\n\t\t\t\t<span class='av-structured-data'  itemprop=\"publisher\" itemtype=\"https:\/\/schema.org\/Organization\" itemscope=\"itemscope\" >\n\t\t\t\t\t\t<span itemprop='name'>Levent<\/span>\n\t\t\t\t\t\t<span itemprop='logo' itemscope itemtype='https:\/\/schema.org\/ImageObject'>\n\t\t\t\t\t\t\t<span itemprop='url'>http:\/\/www.migration-macht-gesellschaft.de\/wp-content\/uploads\/2021\/02\/mmg_logo_01.png<\/span>\n\t\t\t\t\t\t <\/span>\n\t\t\t\t<\/span><span class='av-structured-data'  itemprop=\"author\" itemscope=\"itemscope\" itemtype=\"https:\/\/schema.org\/Person\" ><span itemprop='name'>Levent<\/span><\/span><span class='av-structured-data'  itemprop=\"datePublished\" datetime=\"2020-06-10T18:30:42+02:00\" >2026-04-14 12:03:26<\/span><span class='av-structured-data'  itemprop=\"dateModified\" itemtype=\"https:\/\/schema.org\/dateModified\" >2026-04-17 13:26:51<\/span><span class='av-structured-data'  itemprop=\"mainEntityOfPage\" itemtype=\"https:\/\/schema.org\/mainEntityOfPage\" ><span itemprop='name'>\u201eECHOES FROM BORDERLAND\u201c \u2013 Film + Gespr\u00e4ch aus der Filmreihe \u201cAus der Fremde in die Fremde?!\u201d<\/span><\/span><\/span><\/article><article class='slide-entry flex_column  post-entry post-entry-11945 slide-entry-overview slide-loop-3 slide-parity-odd  av_one_third  real-thumbnail post-format-standard'  itemscope=\"itemscope\" itemtype=\"https:\/\/schema.org\/CreativeWork\" ><a href='https:\/\/www.migration-macht-gesellschaft.de\/fr\/the-old-oak-film-gespraech-aus-der-filmreihe-aus-der-fremde-in-die-fremde-2\/' data-rel='slide-1' class='slide-image' title='\u201eTHE OLD OAK\u201c \u2013 Film + Gespr\u00e4ch aus der Filmreihe \u201cAus der Fremde in die Fremde?!\u201d'><img loading=\"lazy\" decoding=\"async\" width=\"495\" height=\"400\" src=\"https:\/\/www.migration-macht-gesellschaft.de\/wp-content\/uploads\/2026\/03\/Kachel_1_The_Old_Oak-495x400.jpg\" class=\"attachment-portfolio size-portfolio wp-post-image\" alt=\"\" srcset=\"https:\/\/www.migration-macht-gesellschaft.de\/wp-content\/uploads\/2026\/03\/Kachel_1_The_Old_Oak-495x400.jpg 495w, https:\/\/www.migration-macht-gesellschaft.de\/wp-content\/uploads\/2026\/03\/Kachel_1_The_Old_Oak-845x684.jpg 845w\" sizes=\"auto, (max-width: 495px) 100vw, 495px\" \/><\/a><div class='slide-content'><header class=\"entry-content-header\"><h3 class='slide-entry-title entry-title '  itemprop=\"headline\" ><a href='https:\/\/www.migration-macht-gesellschaft.de\/fr\/the-old-oak-film-gespraech-aus-der-filmreihe-aus-der-fremde-in-die-fremde-2\/' title='\u201eTHE OLD OAK\u201c \u2013 Film + Gespr\u00e4ch aus der Filmreihe \u201cAus der Fremde in die Fremde?!\u201d'>\u201eTHE OLD OAK\u201c \u2013 Film + Gespr\u00e4ch aus der Filmreihe \u201cAus der Fremde in die Fremde?!\u201d<\/a><\/h3><span class=\"av-vertical-delimiter\"><\/span><\/header><div class='slide-meta'><time class='slide-meta-time updated'  itemprop=\"datePublished\" datetime=\"2026-03-12T15:13:45+01:00\" >12. mars 2026<\/time><\/div><div class='slide-entry-excerpt entry-content'  itemprop=\"text\" ><div class=\"read-more-link\"><a href=\"https:\/\/www.migration-macht-gesellschaft.de\/fr\/the-old-oak-film-gespraech-aus-der-filmreihe-aus-der-fremde-in-die-fremde-2\/\" class=\"more-link\">Lire la suite<span class=\"more-link-arrow\"><\/span><\/a><\/div><\/div><\/div><footer class=\"entry-footer\"><\/footer><span class='hidden'>\n\t\t\t\t<span class='av-structured-data'  itemprop=\"image\" itemscope=\"itemscope\" itemtype=\"https:\/\/schema.org\/ImageObject\" >\n\t\t\t\t\t\t<span itemprop='url'>https:\/\/www.migration-macht-gesellschaft.de\/wp-content\/uploads\/2026\/03\/Kachel_1_The_Old_Oak.jpg<\/span>\n\t\t\t\t\t\t<span itemprop='height'>1080<\/span>\n\t\t\t\t\t\t<span itemprop='width'>1080<\/span>\n\t\t\t\t<\/span>\n\t\t\t\t<span class='av-structured-data'  itemprop=\"publisher\" itemtype=\"https:\/\/schema.org\/Organization\" itemscope=\"itemscope\" >\n\t\t\t\t\t\t<span itemprop='name'>ikforum<\/span>\n\t\t\t\t\t\t<span itemprop='logo' itemscope itemtype='https:\/\/schema.org\/ImageObject'>\n\t\t\t\t\t\t\t<span itemprop='url'>http:\/\/www.migration-macht-gesellschaft.de\/wp-content\/uploads\/2021\/02\/mmg_logo_01.png<\/span>\n\t\t\t\t\t\t <\/span>\n\t\t\t\t<\/span><span class='av-structured-data'  itemprop=\"author\" itemscope=\"itemscope\" itemtype=\"https:\/\/schema.org\/Person\" ><span itemprop='name'>ikforum<\/span><\/span><span class='av-structured-data'  itemprop=\"datePublished\" datetime=\"2020-06-10T18:30:42+02:00\" >2026-03-12 15:13:45<\/span><span class='av-structured-data'  itemprop=\"dateModified\" itemtype=\"https:\/\/schema.org\/dateModified\" >2026-03-12 15:16:40<\/span><span class='av-structured-data'  itemprop=\"mainEntityOfPage\" itemtype=\"https:\/\/schema.org\/mainEntityOfPage\" ><span itemprop='name'>\u201eTHE OLD OAK\u201c \u2013 Film + Gespr\u00e4ch aus der Filmreihe \u201cAus der Fremde in die Fremde?!\u201d<\/span><\/span><\/span><\/article><\/div><div class='slide-entry-wrap'><article class='slide-entry flex_column  post-entry post-entry-11760 slide-entry-overview slide-loop-4 slide-parity-odd  av_one_third first real-thumbnail post-format-standard'  itemscope=\"itemscope\" itemtype=\"https:\/\/schema.org\/CreativeWork\" ><a href='https:\/\/www.migration-macht-gesellschaft.de\/fr\/%f0%9f%93%a3-informationsveranstaltung-fuer-gefluechtete-2\/' data-rel='slide-1' class='slide-image' title='\ud83d\udce3 Informationsveranstaltung f\u00fcr Gefl\u00fcchtete'><img loading=\"lazy\" decoding=\"async\" width=\"495\" height=\"400\" src=\"https:\/\/www.migration-macht-gesellschaft.de\/wp-content\/uploads\/2026\/01\/Informationveranstaltung_geschnitten-495x400.jpg\" class=\"attachment-portfolio size-portfolio wp-post-image\" alt=\"\" \/><\/a><div class='slide-content'><header class=\"entry-content-header\"><h3 class='slide-entry-title entry-title '  itemprop=\"headline\" ><a href='https:\/\/www.migration-macht-gesellschaft.de\/fr\/%f0%9f%93%a3-informationsveranstaltung-fuer-gefluechtete-2\/' title='\ud83d\udce3 Informationsveranstaltung f\u00fcr Gefl\u00fcchtete'>\ud83d\udce3 Informationsveranstaltung f\u00fcr Gefl\u00fcchtete<\/a><\/h3><span class=\"av-vertical-delimiter\"><\/span><\/header><div class='slide-meta'><time class='slide-meta-time updated'  itemprop=\"datePublished\" datetime=\"2026-03-11T12:28:36+01:00\" >11. mars 2026<\/time><\/div><div class='slide-entry-excerpt entry-content'  itemprop=\"text\" ><div class=\"read-more-link\"><a href=\"https:\/\/www.migration-macht-gesellschaft.de\/fr\/%f0%9f%93%a3-informationsveranstaltung-fuer-gefluechtete-2\/\" class=\"more-link\">Lire la suite<span class=\"more-link-arrow\"><\/span><\/a><\/div><\/div><\/div><footer class=\"entry-footer\"><\/footer><span class='hidden'>\n\t\t\t\t<span class='av-structured-data'  itemprop=\"image\" itemscope=\"itemscope\" itemtype=\"https:\/\/schema.org\/ImageObject\" >\n\t\t\t\t\t\t<span itemprop='url'>https:\/\/www.migration-macht-gesellschaft.de\/wp-content\/uploads\/2026\/01\/Informationveranstaltung_geschnitten.jpg<\/span>\n\t\t\t\t\t\t<span itemprop='height'>571<\/span>\n\t\t\t\t\t\t<span itemprop='width'>1024<\/span>\n\t\t\t\t<\/span>\n\t\t\t\t<span class='av-structured-data'  itemprop=\"publisher\" itemtype=\"https:\/\/schema.org\/Organization\" itemscope=\"itemscope\" >\n\t\t\t\t\t\t<span itemprop='name'>Levent<\/span>\n\t\t\t\t\t\t<span itemprop='logo' itemscope itemtype='https:\/\/schema.org\/ImageObject'>\n\t\t\t\t\t\t\t<span itemprop='url'>http:\/\/www.migration-macht-gesellschaft.de\/wp-content\/uploads\/2021\/02\/mmg_logo_01.png<\/span>\n\t\t\t\t\t\t <\/span>\n\t\t\t\t<\/span><span class='av-structured-data'  itemprop=\"author\" itemscope=\"itemscope\" itemtype=\"https:\/\/schema.org\/Person\" ><span itemprop='name'>Levent<\/span><\/span><span class='av-structured-data'  itemprop=\"datePublished\" datetime=\"2020-06-10T18:30:42+02:00\" >2026-03-11 12:28:36<\/span><span class='av-structured-data'  itemprop=\"dateModified\" itemtype=\"https:\/\/schema.org\/dateModified\" >2026-03-12 15:27:55<\/span><span class='av-structured-data'  itemprop=\"mainEntityOfPage\" itemtype=\"https:\/\/schema.org\/mainEntityOfPage\" ><span itemprop='name'>\ud83d\udce3 Informationsveranstaltung f\u00fcr Gefl\u00fcchtete<\/span><\/span><\/span><\/article><article class='slide-entry flex_column  post-entry post-entry-11976 slide-entry-overview slide-loop-5 slide-parity-even  av_one_third  real-thumbnail post-format-standard'  itemscope=\"itemscope\" itemtype=\"https:\/\/schema.org\/CreativeWork\" ><a href='https:\/\/www.migration-macht-gesellschaft.de\/fr\/sprechstunde-zur-einbuergerung-und-niederlassungserlaubnis\/' data-rel='slide-1' class='slide-image' title='Sprechstunde zur Einb\u00fcrgerung und Niederlassungserlaubnis'><img loading=\"lazy\" decoding=\"async\" width=\"495\" height=\"400\" src=\"https:\/\/www.migration-macht-gesellschaft.de\/wp-content\/uploads\/2026\/02\/Sprechstunde-zur-Einbuergerung-und-Niederlassungserlaubnis4-495x400.png\" class=\"attachment-portfolio size-portfolio wp-post-image\" alt=\"\" \/><\/a><div class='slide-content'><header class=\"entry-content-header\"><h3 class='slide-entry-title entry-title '  itemprop=\"headline\" ><a href='https:\/\/www.migration-macht-gesellschaft.de\/fr\/sprechstunde-zur-einbuergerung-und-niederlassungserlaubnis\/' title='Sprechstunde zur Einb\u00fcrgerung und Niederlassungserlaubnis'>Sprechstunde zur Einb\u00fcrgerung und Niederlassungserlaubnis<\/a><\/h3><span class=\"av-vertical-delimiter\"><\/span><\/header><div class='slide-meta'><time class='slide-meta-time updated'  itemprop=\"datePublished\" datetime=\"2026-03-10T16:35:54+01:00\" >10. mars 2026<\/time><\/div><div class='slide-entry-excerpt entry-content'  itemprop=\"text\" ><div class=\"read-more-link\"><a href=\"https:\/\/www.migration-macht-gesellschaft.de\/fr\/sprechstunde-zur-einbuergerung-und-niederlassungserlaubnis\/\" class=\"more-link\">Lire la suite<span class=\"more-link-arrow\"><\/span><\/a><\/div><\/div><\/div><footer class=\"entry-footer\"><\/footer><span class='hidden'>\n\t\t\t\t<span class='av-structured-data'  itemprop=\"image\" itemscope=\"itemscope\" itemtype=\"https:\/\/schema.org\/ImageObject\" >\n\t\t\t\t\t\t<span itemprop='url'>https:\/\/www.migration-macht-gesellschaft.de\/wp-content\/uploads\/2026\/02\/Sprechstunde-zur-Einbuergerung-und-Niederlassungserlaubnis4.png<\/span>\n\t\t\t\t\t\t<span itemprop='height'>491<\/span>\n\t\t\t\t\t\t<span itemprop='width'>1080<\/span>\n\t\t\t\t<\/span>\n\t\t\t\t<span class='av-structured-data'  itemprop=\"publisher\" itemtype=\"https:\/\/schema.org\/Organization\" itemscope=\"itemscope\" >\n\t\t\t\t\t\t<span itemprop='name'>ikforum<\/span>\n\t\t\t\t\t\t<span itemprop='logo' itemscope itemtype='https:\/\/schema.org\/ImageObject'>\n\t\t\t\t\t\t\t<span itemprop='url'>http:\/\/www.migration-macht-gesellschaft.de\/wp-content\/uploads\/2021\/02\/mmg_logo_01.png<\/span>\n\t\t\t\t\t\t <\/span>\n\t\t\t\t<\/span><span class='av-structured-data'  itemprop=\"author\" itemscope=\"itemscope\" itemtype=\"https:\/\/schema.org\/Person\" ><span itemprop='name'>ikforum<\/span><\/span><span class='av-structured-data'  itemprop=\"datePublished\" datetime=\"2020-06-10T18:30:42+02:00\" >2026-03-10 16:35:54<\/span><span class='av-structured-data'  itemprop=\"dateModified\" itemtype=\"https:\/\/schema.org\/dateModified\" >2026-03-10 16:35:54<\/span><span class='av-structured-data'  itemprop=\"mainEntityOfPage\" itemtype=\"https:\/\/schema.org\/mainEntityOfPage\" ><span itemprop='name'>Sprechstunde zur Einb\u00fcrgerung und Niederlassungserlaubnis<\/span><\/span><\/span><\/article><article class='slide-entry flex_column  post-entry post-entry-11828 slide-entry-overview slide-loop-6 slide-parity-odd  post-entry-last  av_one_third  real-thumbnail post-format-standard'  itemscope=\"itemscope\" itemtype=\"https:\/\/schema.org\/CreativeWork\" ><a href='https:\/\/www.migration-macht-gesellschaft.de\/fr\/11790\/' data-rel='slide-1' class='slide-image' title='GELBE BRIEFE &#8211; M\u00fcnchen-Premiere zum Kinostart'><img loading=\"lazy\" decoding=\"async\" width=\"495\" height=\"400\" src=\"https:\/\/www.migration-macht-gesellschaft.de\/wp-content\/uploads\/2026\/02\/Screenshot-2026-02-24-at-12-15-38-Instagram-495x400.png\" class=\"attachment-portfolio size-portfolio wp-post-image\" alt=\"\" srcset=\"https:\/\/www.migration-macht-gesellschaft.de\/wp-content\/uploads\/2026\/02\/Screenshot-2026-02-24-at-12-15-38-Instagram-495x400.png 495w, https:\/\/www.migration-macht-gesellschaft.de\/wp-content\/uploads\/2026\/02\/Screenshot-2026-02-24-at-12-15-38-Instagram-845x684.png 845w\" sizes=\"auto, (max-width: 495px) 100vw, 495px\" \/><\/a><div class='slide-content'><header class=\"entry-content-header\"><h3 class='slide-entry-title entry-title '  itemprop=\"headline\" ><a href='https:\/\/www.migration-macht-gesellschaft.de\/fr\/11790\/' title='GELBE BRIEFE &#8211; M\u00fcnchen-Premiere zum Kinostart'>GELBE BRIEFE &#8211; M\u00fcnchen-Premiere zum Kinostart<\/a><\/h3><span class=\"av-vertical-delimiter\"><\/span><\/header><div class='slide-meta'><time class='slide-meta-time updated'  itemprop=\"datePublished\" datetime=\"2026-02-24T12:17:11+01:00\" >24. f\u00e9vrier 2026<\/time><\/div><div class='slide-entry-excerpt entry-content'  itemprop=\"text\" ><div class=\"read-more-link\"><a href=\"https:\/\/www.migration-macht-gesellschaft.de\/fr\/11790\/\" class=\"more-link\">Lire la suite<span class=\"more-link-arrow\"><\/span><\/a><\/div><\/div><\/div><footer class=\"entry-footer\"><\/footer><span class='hidden'>\n\t\t\t\t<span class='av-structured-data'  itemprop=\"image\" itemscope=\"itemscope\" itemtype=\"https:\/\/schema.org\/ImageObject\" >\n\t\t\t\t\t\t<span itemprop='url'>https:\/\/www.migration-macht-gesellschaft.de\/wp-content\/uploads\/2026\/02\/Screenshot-2026-02-24-at-12-15-38-Instagram.png<\/span>\n\t\t\t\t\t\t<span itemprop='height'>1160<\/span>\n\t\t\t\t\t\t<span itemprop='width'>928<\/span>\n\t\t\t\t<\/span>\n\t\t\t\t<span class='av-structured-data'  itemprop=\"publisher\" itemtype=\"https:\/\/schema.org\/Organization\" itemscope=\"itemscope\" >\n\t\t\t\t\t\t<span itemprop='name'>ikforum<\/span>\n\t\t\t\t\t\t<span itemprop='logo' itemscope itemtype='https:\/\/schema.org\/ImageObject'>\n\t\t\t\t\t\t\t<span itemprop='url'>http:\/\/www.migration-macht-gesellschaft.de\/wp-content\/uploads\/2021\/02\/mmg_logo_01.png<\/span>\n\t\t\t\t\t\t <\/span>\n\t\t\t\t<\/span><span class='av-structured-data'  itemprop=\"author\" itemscope=\"itemscope\" itemtype=\"https:\/\/schema.org\/Person\" ><span itemprop='name'>ikforum<\/span><\/span><span class='av-structured-data'  itemprop=\"datePublished\" datetime=\"2020-06-10T18:30:42+02:00\" >2026-02-24 12:17:11<\/span><span class='av-structured-data'  itemprop=\"dateModified\" itemtype=\"https:\/\/schema.org\/dateModified\" >2026-02-24 15:52:12<\/span><span class='av-structured-data'  itemprop=\"mainEntityOfPage\" itemtype=\"https:\/\/schema.org\/mainEntityOfPage\" ><span itemprop='name'>GELBE BRIEFE &#8211; M\u00fcnchen-Premiere zum Kinostart<\/span><\/span><\/span><\/article><\/div><\/div><\/div>\n<div   class='hr hr-default   avia-builder-el-5  el_after_av_blog  avia-builder-el-last '><span class='hr-inner ' ><span class='hr-inner-style'><\/span><\/span><\/div>\n","protected":false},"excerpt":{"rendered":"","protected":false},"author":1,"featured_media":0,"parent":0,"menu_order":5,"comment_status":"closed","ping_status":"closed","template":"","meta":{"footnotes":""},"class_list":["post-660","page","type-page","status-publish","hentry"],"_links":{"self":[{"href":"https:\/\/www.migration-macht-gesellschaft.de\/fr\/wp-json\/wp\/v2\/pages\/660","targetHints":{"allow":["GET"]}}],"collection":[{"href":"https:\/\/www.migration-macht-gesellschaft.de\/fr\/wp-json\/wp\/v2\/pages"}],"about":[{"href":"https:\/\/www.migration-macht-gesellschaft.de\/fr\/wp-json\/wp\/v2\/types\/page"}],"author":[{"embeddable":true,"href":"https:\/\/www.migration-macht-gesellschaft.de\/fr\/wp-json\/wp\/v2\/users\/1"}],"replies":[{"embeddable":true,"href":"https:\/\/www.migration-macht-gesellschaft.de\/fr\/wp-json\/wp\/v2\/comments?post=660"}],"version-history":[{"count":166,"href":"https:\/\/www.migration-macht-gesellschaft.de\/fr\/wp-json\/wp\/v2\/pages\/660\/revisions"}],"predecessor-version":[{"id":12124,"href":"https:\/\/www.migration-macht-gesellschaft.de\/fr\/wp-json\/wp\/v2\/pages\/660\/revisions\/12124"}],"wp:attachment":[{"href":"https:\/\/www.migration-macht-gesellschaft.de\/fr\/wp-json\/wp\/v2\/media?parent=660"}],"curies":[{"name":"wp","href":"https:\/\/api.w.org\/{rel}","templated":true}]}}